{"id":38,"date":"2025-03-28T02:21:59","date_gmt":"2025-03-28T02:21:59","guid":{"rendered":"https:\/\/jlmabogados.cl\/Principal\/?page_id=38"},"modified":"2025-07-28T16:19:51","modified_gmt":"2025-07-28T16:19:51","slug":"nosotros","status":"publish","type":"page","link":"https:\/\/jlmabogados.cl\/Principal\/nosotros\/","title":{"rendered":"Nosotros"},"content":{"rendered":"<p>[et_pb_section fb_built=\u00bb1&#8243; fullwidth=\u00bbon\u00bb _builder_version=\u00bb4.25.1&#8243; _module_preset=\u00bbdefault\u00bb background_color=\u00bb#12172a\u00bb locked=\u00bboff\u00bb global_colors_info=\u00bb{}\u00bb][et_pb_fullwidth_menu active_link_color=\u00bb#FFFFFF\u00bb logo=\u00bbhttps:\/\/jlmabogados.cl\/Principal\/wp-content\/uploads\/2025\/05\/b6e2951b-4bc4-488a-a647-ae1984980b71.jpg\u00bb logo_width=\u00bb16%\u00bb logo_width_tablet=\u00bb16%\u00bb logo_width_phone=\u00bb60%\u00bb logo_width_last_edited=\u00bbon|phone\u00bb _builder_version=\u00bb4.25.1&#8243; _module_preset=\u00bbdefault\u00bb menu_font=\u00bbNanum Myeongjo||||||||\u00bb menu_text_color=\u00bb#FFFFFF\u00bb menu_font_size=\u00bb25px\u00bb background_color=\u00bb#12172a\u00bb custom_padding=\u00bb|||20%|false|false\u00bb global_colors_info=\u00bb{}\u00bb][\/et_pb_fullwidth_menu][\/et_pb_section][et_pb_section fb_built=\u00bb1&#8243; admin_label=\u00bbHeader\u00bb _builder_version=\u00bb4.20.0&#8243; _module_preset=\u00bbdefault\u00bb use_background_color_gradient=\u00bbon\u00bb background_color_gradient_stops=\u00bbrgba(31,35,44,0.7) 0%|gcid-9fa4a1b6-767d-41ca-984c-a6f10449c843 100%\u00bb background_color_gradient_overlays_image=\u00bbon\u00bb background_image=\u00bbhttps:\/\/jlmabogados.cl\/Principal\/wp-content\/uploads\/2025\/03\/attorney-14.jpg\u00bb locked=\u00bboff\u00bb collapsed=\u00bbon\u00bb global_colors_info=\u00bb{%22gcid-9fa4a1b6-767d-41ca-984c-a6f10449c843%22:%91%22background_color_gradient_stops%22%93}\u00bb][et_pb_row _builder_version=\u00bb4.20.0&#8243; _module_preset=\u00bbdefault\u00bb global_colors_info=\u00bb{}\u00bb][et_pb_column type=\u00bb4_4&#8243; _builder_version=\u00bb4.20.0&#8243; _module_preset=\u00bbdefault\u00bb global_colors_info=\u00bb{}\u00bb][et_pb_text _builder_version=\u00bb4.25.1&#8243; _module_preset=\u00bb1a2847dd-b48e-48f3-9f7e-86e10c72b013&#8243; header_4_text_color=\u00bbgcid-2f3f3e09-0a26-4ea7-8906-5e1128945e3f\u00bb text_orientation=\u00bbcenter\u00bb custom_margin=\u00bb||10px||false|false\u00bb header_4_font_size_tablet=\u00bb\u00bb header_4_font_size_phone=\u00bb20px\u00bb header_4_font_size_last_edited=\u00bbon|phone\u00bb global_colors_info=\u00bb{%22gcid-2f3f3e09-0a26-4ea7-8906-5e1128945e3f%22:%91%22header_4_text_color%22%93}\u00bb]<\/p>\n<h4>ABOGADO EXPERTO<\/h4>\n<p>[\/et_pb_text][et_pb_image src=\u00bbhttps:\/\/jlmabogados.cl\/Principal\/wp-content\/uploads\/2025\/03\/attorney-1.png\u00bb title_text=\u00bbattorney-1&#8243; _builder_version=\u00bb4.20.0&#8243; _module_preset=\u00bbdefault\u00bb max_width=\u00bb130px\u00bb module_alignment=\u00bbcenter\u00bb global_colors_info=\u00bb{}\u00bb][\/et_pb_image][et_pb_text _builder_version=\u00bb4.25.1&#8243; _module_preset=\u00bb818ec4b4-ce0a-47a0-a83a-bb6c32bf1369&#8243; header_font=\u00bb|||on|||||\u00bb header_text_color=\u00bbgcid-11d3dbbb-f6dc-4fb8-929b-9d6994368d00&#8243; text_orientation=\u00bbcenter\u00bb global_colors_info=\u00bb{%22gcid-11d3dbbb-f6dc-4fb8-929b-9d6994368d00%22:%91%22header_text_color%22%93}\u00bb]<\/p>\n<h1>MAXIMILIANO VALD\u00c9S NARANJO<\/h1>\n<p>[\/et_pb_text][et_pb_button button_url=\u00bbhttps:\/\/wa.link\/kgdult\u00bb button_text=\u00bbsolic\u00edta una reuni\u00f3n\u00bb button_alignment=\u00bbcenter\u00bb _builder_version=\u00bb4.25.1&#8243; _module_preset=\u00bbc6a52e30-d2c7-4109-82a0-37fbf717863c\u00bb button_font=\u00bbActor|800||on|||||\u00bb global_colors_info=\u00bb{}\u00bb][\/et_pb_button][\/et_pb_column][\/et_pb_row][\/et_pb_section][et_pb_section fb_built=\u00bb1&#8243; admin_label=\u00bbAbout\u00bb _builder_version=\u00bb4.20.0&#8243; _module_preset=\u00bbdefault\u00bb background_color=\u00bbgcid-9fa4a1b6-767d-41ca-984c-a6f10449c843&#8243; locked=\u00bboff\u00bb collapsed=\u00bbon\u00bb global_colors_info=\u00bb{%22gcid-9fa4a1b6-767d-41ca-984c-a6f10449c843%22:%91%22background_color%22%93}\u00bb][et_pb_row column_structure=\u00bb1_2,1_2&#8243; make_equal=\u00bbon\u00bb _builder_version=\u00bb4.20.0&#8243; _module_preset=\u00bbdefault\u00bb global_colors_info=\u00bb{}\u00bb][et_pb_column type=\u00bb1_2&#8243; _builder_version=\u00bb4.20.0&#8243; _module_preset=\u00bbdefault\u00bb background_image=\u00bbhttps:\/\/jlmabogados.cl\/Principal\/wp-content\/uploads\/2025\/03\/attorney-15.jpg\u00bb global_colors_info=\u00bb{}\u00bb][et_pb_divider show_divider=\u00bboff\u00bb _builder_version=\u00bb4.20.0&#8243; _module_preset=\u00bbdefault\u00bb height_tablet=\u00bb40vw\u00bb height_phone=\u00bb40vw\u00bb height_last_edited=\u00bbon|desktop\u00bb global_colors_info=\u00bb{}\u00bb][\/et_pb_divider][\/et_pb_column][et_pb_column type=\u00bb1_2&#8243; _builder_version=\u00bb4.20.0&#8243; _module_preset=\u00bbdefault\u00bb global_colors_info=\u00bb{}\u00bb][et_pb_text _builder_version=\u00bb4.25.1&#8243; _module_preset=\u00bb32cc9022-4e0b-4576-ac0a-f2a5ee7b4946&#8243; header_2_font=\u00bb&#8211;et_global_heading_font|||on|||||\u00bb header_2_text_align=\u00bbcenter\u00bb header_2_font_size_phone=\u00bb30px\u00bb header_2_line_height_tablet=\u00bb\u00bb header_2_line_height_phone=\u00bb0.6em\u00bb header_2_line_height_last_edited=\u00bbon|phone\u00bb global_colors_info=\u00bb{%22gcid-11d3dbbb-f6dc-4fb8-929b-9d6994368d00%22:%91%22header_2_text_color%22%93}\u00bb]<\/p>\n<h2>Maximiliano vald\u00e9s naranjo<\/h2>\n<p>[\/et_pb_text][et_pb_image src=\u00bbhttps:\/\/jlmabogados.cl\/Principal\/wp-content\/uploads\/2025\/03\/attorney-1.png\u00bb title_text=\u00bbattorney-1&#8243; _builder_version=\u00bb4.20.0&#8243; _module_preset=\u00bbdefault\u00bb max_width=\u00bb65px\u00bb locked=\u00bboff\u00bb global_colors_info=\u00bb{}\u00bb][\/et_pb_image][et_pb_text _builder_version=\u00bb4.25.1&#8243; _module_preset=\u00bb18df55dd-b200-41a6-927c-635aea21107f\u00bb text_text_color=\u00bb#FFFFFF\u00bb text_orientation=\u00bbjustified\u00bb locked=\u00bboff\u00bb global_colors_info=\u00bb{}\u00bb]<\/p>\n<p>Maximiliano Vald\u00e9s Naranjo es L<span>icenciado en Ciencias Jur\u00eddicas en la Universidad de los Andes. Diplomado en Derecho de Familia de la Universidad Cat\u00f3lica<\/span>, el cual ha sido posicionado como el abogado N\u00ba1 en la ciudad de Rancagua. Con a\u00f1os de capacitaci\u00f3n y preparaci\u00f3n en la efectiva resoluci\u00f3n de conflictos Jur\u00eddicos. <strong>Pensiones de Alimentos-Divorcios- medidas de protecci\u00f3n- violencia intrafamiliar -Cuidado Personal- Relaci\u00f3n Directa y Regular- Reclamaci\u00f3n de Filiaci\u00f3n- Ceses de Convivencia- Adopci\u00f3n- Bien Familiar &#8211; liquidaciones de sociedades conyugales &#8211; autorizaciones para salir del pa\u00eds y mucho m\u00e1s.<\/strong><br \/>J.L.M Estudio Jur\u00eddico- otorga asesor\u00eda jur\u00eddica integral. Profesional que ofrece un servicio verdaderamente confiable, cercano y \u00e9tico, sin intermediarios.<\/p>\n<p>[\/et_pb_text][\/et_pb_column][\/et_pb_row][\/et_pb_section][et_pb_section fb_built=\u00bb1&#8243; disabled_on=\u00bbon|on|on\u00bb admin_label=\u00bbOur Team\u00bb _builder_version=\u00bb4.25.1&#8243; _module_preset=\u00bbdefault\u00bb background_color=\u00bbgcid-9fa4a1b6-767d-41ca-984c-a6f10449c843&#8243; disabled=\u00bbon\u00bb collapsed=\u00bbon\u00bb global_colors_info=\u00bb{%22gcid-9fa4a1b6-767d-41ca-984c-a6f10449c843%22:%91%22background_color%22%93}\u00bb][et_pb_row _builder_version=\u00bb4.20.0&#8243; _module_preset=\u00bbdefault\u00bb global_colors_info=\u00bb{}\u00bb][et_pb_column type=\u00bb4_4&#8243; _builder_version=\u00bb4.20.0&#8243; _module_preset=\u00bbdefault\u00bb global_colors_info=\u00bb{}\u00bb][et_pb_text _builder_version=\u00bb4.25.1&#8243; _module_preset=\u00bb32cc9022-4e0b-4576-ac0a-f2a5ee7b4946&#8243; text_orientation=\u00bbcenter\u00bb global_colors_info=\u00bb{%22gcid-11d3dbbb-f6dc-4fb8-929b-9d6994368d00%22:%91%22header_2_text_color%22%93}\u00bb]<\/p>\n<h2>MAXIMILIANO A. vald\u00e9z<\/h2>\n<p>[\/et_pb_text][\/et_pb_column][\/et_pb_row][et_pb_row _builder_version=\u00bb4.20.0&#8243; _module_preset=\u00bbdefault\u00bb global_colors_info=\u00bb{}\u00bb][et_pb_column type=\u00bb4_4&#8243; _builder_version=\u00bb4.20.0&#8243; _module_preset=\u00bbdefault\u00bb global_colors_info=\u00bb{}\u00bb][et_pb_image src=\u00bbhttps:\/\/jlmabogados.cl\/Principal\/wp-content\/uploads\/2025\/03\/attorney-16.jpg\u00bb title_text=\u00bbattorney-16&#8243; align=\u00bbcenter\u00bb _builder_version=\u00bb4.25.1&#8243; _module_preset=\u00bbdefault\u00bb global_colors_info=\u00bb{}\u00bb][\/et_pb_image][\/et_pb_column][\/et_pb_row][\/et_pb_section][et_pb_section fb_built=\u00bb1&#8243; specialty=\u00bbon\u00bb admin_label=\u00bbFeatures\u00bb _builder_version=\u00bb4.20.0&#8243; _module_preset=\u00bbdefault\u00bb background_color=\u00bbgcid-9fa4a1b6-767d-41ca-984c-a6f10449c843&#8243; collapsed=\u00bbon\u00bb global_colors_info=\u00bb{%22gcid-9fa4a1b6-767d-41ca-984c-a6f10449c843%22:%91%22background_color%22%93}\u00bb][et_pb_column type=\u00bb1_2&#8243; _builder_version=\u00bb4.16&#8243; _module_preset=\u00bbdefault\u00bb custom_padding=\u00bb|||\u00bb global_colors_info=\u00bb{}\u00bb custom_padding__hover=\u00bb|||\u00bb][et_pb_text _builder_version=\u00bb4.25.1&#8243; _module_preset=\u00bb32cc9022-4e0b-4576-ac0a-f2a5ee7b4946&#8243; header_2_text_align_tablet=\u00bb\u00bb header_2_text_align_phone=\u00bbcenter\u00bb header_2_text_align_last_edited=\u00bbon|phone\u00bb header_2_font_size_phone=\u00bb26px\u00bb header_2_line_height_tablet=\u00bb\u00bb header_2_line_height_phone=\u00bb0.9em\u00bb header_2_line_height_last_edited=\u00bbon|phone\u00bb global_colors_info=\u00bb{%22gcid-11d3dbbb-f6dc-4fb8-929b-9d6994368d00%22:%91%22header_2_text_color%22%93}\u00bb]<\/p>\n<h2>puedes confiar en nosotros<\/h2>\n<p>[\/et_pb_text][et_pb_image src=\u00bbhttps:\/\/jlmabogados.cl\/Principal\/wp-content\/uploads\/2025\/03\/attorney-1.png\u00bb title_text=\u00bbattorney-1&#8243; _builder_version=\u00bb4.20.0&#8243; _module_preset=\u00bbdefault\u00bb max_width=\u00bb65px\u00bb global_colors_info=\u00bb{}\u00bb][\/et_pb_image][et_pb_text _builder_version=\u00bb4.25.1&#8243; _module_preset=\u00bb18df55dd-b200-41a6-927c-635aea21107f\u00bb text_text_color=\u00bb#FFFFFF\u00bb text_orientation_tablet=\u00bb\u00bb text_orientation_phone=\u00bbjustified\u00bb text_orientation_last_edited=\u00bbon|phone\u00bb global_colors_info=\u00bb{}\u00bb]<\/p>\n<p data-start=\"356\" data-end=\"694\" class=\"\">Maximiliano Vald\u00e9s Naranjo es el abogado l\u00edder en Rancagua, con una trayectoria s\u00f3lida en la resoluci\u00f3n efectiva de conflictos jur\u00eddicos. Su enfoque se basa en la \u00e9tica, la cercan\u00eda y la atenci\u00f3n personalizada, sin intermediarios. En <strong data-start=\"590\" data-end=\"616\">J.L.M Estudio Jur\u00eddico<\/strong>, entregamos una asesor\u00eda legal integral que garantiza confianza y resultados.<\/p>\n<p data-start=\"696\" data-end=\"866\" class=\"\">[\/et_pb_text][et_pb_blurb title=\u00bb ESPECIALISTA EN DERECHO DE FAMILIA\u00bb use_icon=\u00bbon\u00bb font_icon=\u00bb&#x4e;||divi||400&#8243; _builder_version=\u00bb4.25.1&#8243; _module_preset=\u00bbfc4c85df-52ab-4b81-b1e8-a139aaa8965e\u00bb text_orientation=\u00bbjustified\u00bb background_layout=\u00bbdark\u00bb locked=\u00bboff\u00bb global_colors_info=\u00bb{}\u00bb]<\/p>\n<p>Pensiones de alimentos, divorcios, medidas de protecci\u00f3n, violencia intrafamiliar, cuidado personal, relaci\u00f3n directa y regular.<\/p>\n<p>[\/et_pb_blurb][et_pb_blurb title=\u00bbAMPLIA EXPERIENCIA EN TR\u00c1MITES LEGALES COMPLEJOS\u00bb use_icon=\u00bbon\u00bb font_icon=\u00bb&#x4e;||divi||400&#8243; _builder_version=\u00bb4.25.1&#8243; _module_preset=\u00bbfc4c85df-52ab-4b81-b1e8-a139aaa8965e\u00bb text_orientation=\u00bbjustified\u00bb background_layout=\u00bbdark\u00bb locked=\u00bboff\u00bb global_colors_info=\u00bb{}\u00bb]<\/p>\n<p>Reclamaci\u00f3n de filiaci\u00f3n, ceses de convivencia, adopciones, bien familiar y liquidaciones de sociedades conyugales.<\/p>\n<p>[\/et_pb_blurb][et_pb_blurb title=\u00bbCOMPROMISO TOTAL CON CADA CLIENTE\u00bb use_icon=\u00bbon\u00bb font_icon=\u00bb&#x4e;||divi||400&#8243; _builder_version=\u00bb4.25.1&#8243; _module_preset=\u00bbfc4c85df-52ab-4b81-b1e8-a139aaa8965e\u00bb text_orientation=\u00bbjustified\u00bb background_layout=\u00bbdark\u00bb locked=\u00bboff\u00bb global_colors_info=\u00bb{}\u00bb]<\/p>\n<p>Atenci\u00f3n directa y profesional, soluciones reales, autorizaciones para salir del pa\u00eds y mucho m\u00e1s.<\/p>\n<p>[\/et_pb_blurb][\/et_pb_column][et_pb_column type=\u00bb1_2&#8243; specialty_columns=\u00bb2&#8243; _builder_version=\u00bb4.16&#8243; _module_preset=\u00bbdefault\u00bb custom_padding=\u00bb|||\u00bb global_colors_info=\u00bb{}\u00bb custom_padding__hover=\u00bb|||\u00bb][et_pb_row_inner column_structure=\u00bb1_2,1_2&#8243; use_custom_gutter=\u00bbon\u00bb gutter_width=\u00bb1&#8243; _builder_version=\u00bb4.20.0&#8243; _module_preset=\u00bbdefault\u00bb locked=\u00bboff\u00bb global_colors_info=\u00bb{}\u00bb][et_pb_column_inner type=\u00bb1_2&#8243; saved_specialty_column_type=\u00bb1_2&#8243; _builder_version=\u00bb4.20.0&#8243; _module_preset=\u00bbdefault\u00bb global_colors_info=\u00bb{}\u00bb][et_pb_image src=\u00bbhttps:\/\/jlmabogados.cl\/Principal\/wp-content\/uploads\/2025\/03\/attorney-18.jpg\u00bb title_text=\u00bbattorney-18&#8243; _builder_version=\u00bb4.20.0&#8243; _module_preset=\u00bbdefault\u00bb locked=\u00bboff\u00bb global_colors_info=\u00bb{}\u00bb][\/et_pb_image][\/et_pb_column_inner][et_pb_column_inner type=\u00bb1_2&#8243; saved_specialty_column_type=\u00bb1_2&#8243; _builder_version=\u00bb4.20.0&#8243; _module_preset=\u00bbdefault\u00bb custom_padding=\u00bb60px||||false|false\u00bb custom_padding_tablet=\u00bb60px||||false|false\u00bb custom_padding_phone=\u00bb0px||||false|false\u00bb custom_padding_last_edited=\u00bbon|desktop\u00bb global_colors_info=\u00bb{}\u00bb][et_pb_image src=\u00bbhttps:\/\/jlmabogados.cl\/Principal\/wp-content\/uploads\/2025\/03\/attorney-19.jpg\u00bb title_text=\u00bbattorney-19&#8243; disabled_on=\u00bboff|on|on\u00bb _builder_version=\u00bb4.25.1&#8243; _module_preset=\u00bbdefault\u00bb global_colors_info=\u00bb{}\u00bb][\/et_pb_image][\/et_pb_column_inner][\/et_pb_row_inner][\/et_pb_column][\/et_pb_section][et_pb_section fb_built=\u00bb1&#8243; admin_label=\u00bbContact Info\u00bb _builder_version=\u00bb4.20.0&#8243; _module_preset=\u00bbdefault\u00bb background_color=\u00bbgcid-9fa4a1b6-767d-41ca-984c-a6f10449c843&#8243; locked=\u00bboff\u00bb collapsed=\u00bbon\u00bb global_colors_info=\u00bb{%22gcid-9fa4a1b6-767d-41ca-984c-a6f10449c843%22:%91%22background_color%22%93}\u00bb][et_pb_row _builder_version=\u00bb4.25.1&#8243; _module_preset=\u00bbdefault\u00bb custom_padding=\u00bb10px|10px|10px|10px|true|true\u00bb link_option_url=\u00bbhttps:\/\/wa.link\/kgdult\u00bb border_width_all=\u00bb2px\u00bb border_color_all=\u00bb#303d49&#8243; global_colors_info=\u00bb{}\u00bb][et_pb_column type=\u00bb4_4&#8243; _builder_version=\u00bb4.25.1&#8243; _module_preset=\u00bbdefault\u00bb background_color=\u00bb#1a8d9b\u00bb background_enable_image=\u00bboff\u00bb custom_padding=\u00bb60px|30px|60px|30px|true|true\u00bb custom_padding_tablet=\u00bb40px||40px||true|false\u00bb custom_padding_phone=\u00bb30px|20px|30px|20px|true|true\u00bb custom_padding_last_edited=\u00bbon|desktop\u00bb global_colors_info=\u00bb{}\u00bb][et_pb_text _builder_version=\u00bb4.25.1&#8243; _module_preset=\u00bb99f8b16a-5bf1-4a43-8548-8387a3435f36&#8243; header_3_text_color=\u00bb#FFFFFF\u00bb text_orientation=\u00bbcenter\u00bb hover_enabled=\u00bb0&#8243; global_colors_info=\u00bb{}\u00bb sticky_enabled=\u00bb0&#8243;]<\/p>\n<h3>Haz clic y agenda una cita por whatsapp con Maximiliano Vald\u00e9s<\/h3>\n<p>[\/et_pb_text][et_pb_text _builder_version=\u00bb4.25.1&#8243; _module_preset=\u00bb038b29ac-754f-4c00-8636-17aa79d893b0&#8243; header_2_text_color=\u00bb#FFFFFF\u00bb text_orientation=\u00bbcenter\u00bb global_colors_info=\u00bb{}\u00bb]<\/p>\n<h2>+56 9 3555 4755<\/h2>\n<p>[\/et_pb_text][\/et_pb_column][\/et_pb_row][\/et_pb_section][et_pb_section fb_built=\u00bb1&#8243; admin_label=\u00bbTestimonials\u00bb _builder_version=\u00bb4.20.0&#8243; _module_preset=\u00bbdefault\u00bb background_color=\u00bbgcid-9fa4a1b6-767d-41ca-984c-a6f10449c843&#8243; collapsed=\u00bbon\u00bb global_colors_info=\u00bb{%22gcid-9fa4a1b6-767d-41ca-984c-a6f10449c843%22:%91%22background_color%22%93}\u00bb][et_pb_row _builder_version=\u00bb4.20.0&#8243; _module_preset=\u00bbdefault\u00bb global_colors_info=\u00bb{}\u00bb][et_pb_column type=\u00bb4_4&#8243; _builder_version=\u00bb4.20.0&#8243; _module_preset=\u00bbdefault\u00bb global_colors_info=\u00bb{}\u00bb][et_pb_text _builder_version=\u00bb4.25.1&#8243; _module_preset=\u00bb32cc9022-4e0b-4576-ac0a-f2a5ee7b4946&#8243; text_orientation=\u00bbcenter\u00bb global_colors_info=\u00bb{%22gcid-11d3dbbb-f6dc-4fb8-929b-9d6994368d00%22:%91%22header_2_text_color%22%93}\u00bb]<\/p>\n<h2>Testimonios<\/h2>\n<p>[\/et_pb_text][\/et_pb_column][\/et_pb_row][et_pb_row column_structure=\u00bb1_3,1_3,1_3&#8243; _builder_version=\u00bb4.20.0&#8243; _module_preset=\u00bbdefault\u00bb global_colors_info=\u00bb{}\u00bb][et_pb_column type=\u00bb1_3&#8243; _builder_version=\u00bb4.20.0&#8243; _module_preset=\u00bbdefault\u00bb global_colors_info=\u00bb{}\u00bb][et_pb_text _builder_version=\u00bb4.20.0&#8243; _module_preset=\u00bb57e8df0a-09ae-44b5-b41f-c75485568c82&#8243; header_5_text_color=\u00bbgcid-11d3dbbb-f6dc-4fb8-929b-9d6994368d00&#8243; custom_margin=\u00bb||10px||false|false\u00bb global_colors_info=\u00bb{%22gcid-11d3dbbb-f6dc-4fb8-929b-9d6994368d00%22:%91%22header_5_text_color%22%93}\u00bb]<\/p>\n<h5>\u2605\u2605\u2605\u2605\u2605<\/h5>\n<p>[\/et_pb_text][et_pb_text _builder_version=\u00bb4.25.1&#8243; _module_preset=\u00bb57e8df0a-09ae-44b5-b41f-c75485568c82&#8243; header_5_text_color=\u00bb#FFFFFF\u00bb global_colors_info=\u00bb{}\u00bb]<\/p>\n<h5 style=\"text-align: justify;\"><span>\u00abSiempre muy atento a resolver todas mis dudas. Lo hizo muy siemple para mi. Ayud\u00f3 en lo que necesitaba. excelente trabajo. Muchas gracias\u00bb<\/span><\/h5>\n<p>[\/et_pb_text][\/et_pb_column][et_pb_column type=\u00bb1_3&#8243; _builder_version=\u00bb4.20.0&#8243; _module_preset=\u00bbdefault\u00bb global_colors_info=\u00bb{}\u00bb][et_pb_text _builder_version=\u00bb4.20.0&#8243; _module_preset=\u00bb57e8df0a-09ae-44b5-b41f-c75485568c82&#8243; header_5_text_color=\u00bbgcid-11d3dbbb-f6dc-4fb8-929b-9d6994368d00&#8243; custom_margin=\u00bb||10px||false|false\u00bb global_colors_info=\u00bb{%22gcid-11d3dbbb-f6dc-4fb8-929b-9d6994368d00%22:%91%22header_5_text_color%22%93}\u00bb]<\/p>\n<h5>\u2605\u2605\u2605\u2605\u2605<\/h5>\n<p>[\/et_pb_text][et_pb_text _builder_version=\u00bb4.25.1&#8243; _module_preset=\u00bb57e8df0a-09ae-44b5-b41f-c75485568c82&#8243; header_5_text_color=\u00bb#FFFFFF\u00bb global_colors_info=\u00bb{}\u00bb]<\/p>\n<h5 style=\"text-align: justify;\"><span>Excelente enfoque al cliente, muy educado y con conocimiento del \u00e1rea de especializaci\u00f3n, la gesti\u00f3n fue muy r\u00e1pida y acertada, sin duda recomiendo sus servicios profesionales<\/span><\/h5>\n<p>[\/et_pb_text][\/et_pb_column][et_pb_column type=\u00bb1_3&#8243; _builder_version=\u00bb4.20.0&#8243; _module_preset=\u00bbdefault\u00bb global_colors_info=\u00bb{}\u00bb][et_pb_text _builder_version=\u00bb4.20.0&#8243; _module_preset=\u00bb57e8df0a-09ae-44b5-b41f-c75485568c82&#8243; header_5_text_color=\u00bbgcid-11d3dbbb-f6dc-4fb8-929b-9d6994368d00&#8243; custom_margin=\u00bb||10px||false|false\u00bb global_colors_info=\u00bb{%22gcid-11d3dbbb-f6dc-4fb8-929b-9d6994368d00%22:%91%22header_5_text_color%22%93}\u00bb]<\/p>\n<h5>\u2605\u2605\u2605\u2605\u2605<\/h5>\n<p>[\/et_pb_text][et_pb_text _builder_version=\u00bb4.25.1&#8243; _module_preset=\u00bb57e8df0a-09ae-44b5-b41f-c75485568c82&#8243; header_5_text_color=\u00bb#FFFFFF\u00bb global_colors_info=\u00bb{}\u00bb]<\/p>\n<h5 style=\"text-align: justify;\">\u00abDe trato directo y emp\u00e1tico, adem\u00e1s de su nivel de profesionalismo por lo que acud\u00ed a \u00e9l, Maximiliano me dio el apoyo, la gu\u00eda y el resultado favorable que necesitaba\u00bb<\/h5>\n<p>[\/et_pb_text][\/et_pb_column][\/et_pb_row][\/et_pb_section][et_pb_section fb_built=\u00bb1&#8243; custom_padding_last_edited=\u00bbon|phone\u00bb admin_label=\u00bbFooter\u00bb _builder_version=\u00bb4.25.1&#8243; _module_preset=\u00bbdefault\u00bb use_background_color_gradient=\u00bbon\u00bb background_color_gradient_stops=\u00bb#12172a 1%|rgba(30,35,43,0.9) 100%\u00bb background_color_gradient_overlays_image=\u00bbon\u00bb background_image=\u00bbhttps:\/\/jlmabogados.cl\/Principal\/wp-content\/uploads\/2025\/03\/paper-texture.jpg\u00bb custom_padding_tablet=\u00bb\u00bb custom_padding_phone=\u00bb0px||||false|false\u00bb saved_tabs=\u00bball\u00bb locked=\u00bboff\u00bb collapsed=\u00bbon\u00bb global_colors_info=\u00bb{}\u00bb][et_pb_row column_structure=\u00bb1_3,1_3,1_3&#8243; _builder_version=\u00bb4.20.0&#8243; _module_preset=\u00bbdefault\u00bb global_colors_info=\u00bb{}\u00bb][et_pb_column type=\u00bb1_3&#8243; _builder_version=\u00bb4.20.0&#8243; _module_preset=\u00bbdefault\u00bb global_colors_info=\u00bb{}\u00bb][et_pb_text _builder_version=\u00bb4.25.1&#8243; _module_preset=\u00bbe7691b1d-9658-4008-937c-b04247051ef6&#8243; text_orientation=\u00bbcenter\u00bb global_colors_info=\u00bb{%22gcid-11d3dbbb-f6dc-4fb8-929b-9d6994368d00%22:%91%22header_4_text_color%22%93}\u00bb]<\/p>\n<h4>Horarios<\/h4>\n<p>[\/et_pb_text][et_pb_text _builder_version=\u00bb4.25.1&#8243; _module_preset=\u00bb88404894-c78c-4552-bc8b-4a357afe8233&#8243; text_text_color=\u00bb#FFFFFF\u00bb text_orientation=\u00bbcenter\u00bb custom_margin=\u00bb||10px||false|false\u00bb global_colors_info=\u00bb{}\u00bb]<\/p>\n<p>Lunes a viernes &#8211; 9:30 am a 7:30 pm<\/p>\n<p>S\u00e1bado &#8211; 9:00 am a 2:00 pm<\/p>\n<p>[\/et_pb_text][et_pb_text _builder_version=\u00bb4.25.1&#8243; _module_preset=\u00bb88404894-c78c-4552-bc8b-4a357afe8233&#8243; text_text_color=\u00bb#FFFFFF\u00bb link_text_color=\u00bb#FFFFFF\u00bb text_orientation=\u00bbcenter\u00bb custom_margin=\u00bb||10px||false|false\u00bb locked=\u00bboff\u00bb global_colors_info=\u00bb{}\u00bb]<\/p>\n<p>+56 9 3555 4755<\/p>\n<p>[\/et_pb_text][\/et_pb_column][et_pb_column type=\u00bb1_3&#8243; _builder_version=\u00bb4.20.0&#8243; _module_preset=\u00bbdefault\u00bb global_colors_info=\u00bb{}\u00bb][et_pb_image src=\u00bbhttps:\/\/jlmabogados.cl\/Principal\/wp-content\/uploads\/2025\/05\/b6e2951b-4bc4-488a-a647-ae1984980b71.jpg\u00bb title_text=\u00bbb6e2951b-4bc4-488a-a647-ae1984980b71&#8243; align=\u00bbcenter\u00bb _builder_version=\u00bb4.25.1&#8243; _module_preset=\u00bbdefault\u00bb max_height=\u00bb40%\u00bb global_colors_info=\u00bb{}\u00bb][\/et_pb_image][\/et_pb_column][et_pb_column type=\u00bb1_3&#8243; _builder_version=\u00bb4.20.0&#8243; _module_preset=\u00bbdefault\u00bb global_colors_info=\u00bb{}\u00bb][et_pb_text _builder_version=\u00bb4.25.1&#8243; _module_preset=\u00bbe7691b1d-9658-4008-937c-b04247051ef6&#8243; text_orientation=\u00bbcenter\u00bb locked=\u00bboff\u00bb global_colors_info=\u00bb{%22gcid-11d3dbbb-f6dc-4fb8-929b-9d6994368d00%22:%91%22header_4_text_color%22%93}\u00bb]<\/p>\n<h4>contacto<\/h4>\n<p>[\/et_pb_text][et_pb_text _builder_version=\u00bb4.25.1&#8243; _module_preset=\u00bb88404894-c78c-4552-bc8b-4a357afe8233&#8243; text_text_color=\u00bb#FFFFFF\u00bb link_text_color=\u00bb#FFFFFF\u00bb text_orientation=\u00bbcenter\u00bb custom_margin=\u00bb||10px||false|false\u00bb locked=\u00bboff\u00bb global_colors_info=\u00bb{}\u00bb]<\/p>\n<p>contacto@jlmabogados.cl<\/p>\n<p>[\/et_pb_text][et_pb_text _builder_version=\u00bb4.25.1&#8243; _module_preset=\u00bb88404894-c78c-4552-bc8b-4a357afe8233&#8243; text_text_color=\u00bb#FFFFFF\u00bb link_text_color=\u00bb#FFFFFF\u00bb text_orientation=\u00bbcenter\u00bb locked=\u00bboff\u00bb global_colors_info=\u00bb{}\u00bb]<\/p>\n<p>C. Bello Horizonte 781, OFICINA 203, Rancagua, O&#8217;Higgins<\/p>\n<p>[\/et_pb_text][\/et_pb_column][\/et_pb_row][\/et_pb_section]<\/p>\n","protected":false},"excerpt":{"rendered":"<p>ABOGADO EXPERTOMAXIMILIANO VALD\u00c9S NARANJOMaximiliano vald\u00e9s naranjoMaximiliano Vald\u00e9s Naranjo es Licenciado en Ciencias Jur\u00eddicas en la Universidad de los Andes. Diplomado en Derecho de Familia de la Universidad Cat\u00f3lica, el cual ha sido posicionado como el abogado N\u00ba1 en la ciudad de Rancagua. Con a\u00f1os de capacitaci\u00f3n y preparaci\u00f3n en la efectiva resoluci\u00f3n de conflictos Jur\u00eddicos. [&hellip;]<\/p>\n","protected":false},"author":1,"featured_media":0,"parent":0,"menu_order":0,"comment_status":"closed","ping_status":"closed","template":"page-template-blank.php","meta":{"_et_pb_use_builder":"on","_et_pb_old_content":"","_et_gb_content_width":"","footnotes":""},"class_list":["post-38","page","type-page","status-publish","hentry"],"_links":{"self":[{"href":"https:\/\/jlmabogados.cl\/Principal\/wp-json\/wp\/v2\/pages\/38","targetHints":{"allow":["GET"]}}],"collection":[{"href":"https:\/\/jlmabogados.cl\/Principal\/wp-json\/wp\/v2\/pages"}],"about":[{"href":"https:\/\/jlmabogados.cl\/Principal\/wp-json\/wp\/v2\/types\/page"}],"author":[{"embeddable":true,"href":"https:\/\/jlmabogados.cl\/Principal\/wp-json\/wp\/v2\/users\/1"}],"replies":[{"embeddable":true,"href":"https:\/\/jlmabogados.cl\/Principal\/wp-json\/wp\/v2\/comments?post=38"}],"version-history":[{"count":15,"href":"https:\/\/jlmabogados.cl\/Principal\/wp-json\/wp\/v2\/pages\/38\/revisions"}],"predecessor-version":[{"id":146,"href":"https:\/\/jlmabogados.cl\/Principal\/wp-json\/wp\/v2\/pages\/38\/revisions\/146"}],"wp:attachment":[{"href":"https:\/\/jlmabogados.cl\/Principal\/wp-json\/wp\/v2\/media?parent=38"}],"curies":[{"name":"wp","href":"https:\/\/api.w.org\/{rel}","templated":true}]}}